{"id":2695,"date":"2024-04-08T08:10:10","date_gmt":"2024-04-08T08:10:10","guid":{"rendered":"https:\/\/medblueconomyplatform.org\/?page_id=2695\/"},"modified":"2025-10-20T13:46:41","modified_gmt":"2025-10-20T13:46:41","slug":"union-for-the-mediterranean-regional-platform-on-sustainable-blue-economy-sbe","status":"publish","type":"page","link":"https:\/\/medblueconomyplatform.org\/fr\/union-for-the-mediterranean-regional-platform-on-sustainable-blue-economy-sbe\/","title":{"rendered":"Plateforme R\u00e9gionale de l&rsquo;Union pour la M\u00e9diterran\u00e9e sur l&rsquo;Economie Bleue Durable (EBD)"},"content":{"rendered":"<div class=\"wp-block-image\">\n<figure class=\"aligncenter size-full is-resized\" id=\"block-5e16a40a-24b2-417f-910a-a6f906dcf285\"><img decoding=\"async\" loading=\"lazy\" width=\"945\" height=\"631\" src=\"https:\/\/medblueconomyplatform.org\/wp-content\/uploads\/2023\/11\/image.png\" alt=\"\" class=\"wp-image-2425\" style=\"object-fit:cover;width:1054px;height:300px\" srcset=\"https:\/\/medblueconomyplatform.org\/wp-content\/uploads\/2023\/11\/image.png 945w, https:\/\/medblueconomyplatform.org\/wp-content\/uploads\/2023\/11\/image-300x200.png 300w, https:\/\/medblueconomyplatform.org\/wp-content\/uploads\/2023\/11\/image-768x513.png 768w\" sizes=\"(max-width: 767px) 89vw, (max-width: 1000px) 54vw, (max-width: 1071px) 543px, 580px\" \/><\/figure><\/div>\n\n\n<p>La&nbsp;<strong>Plateforme R\u00e9gionale de l&rsquo;Union pour la M\u00e9diterran\u00e9e sur l&rsquo;Economie Bleue Durable (EBD)&nbsp;<em>(anciennement Groupe de travail de l&rsquo;UpM sur l&rsquo;Economie Bleue)<\/em><\/strong> se r\u00e9unit de mani\u00e8re r\u00e9guli\u00e8re afin d&rsquo;orienter et de soutenir la mise en \u0153uvre des d\u00e9clarations minist\u00e9rielles de l&rsquo;UpM sur l&rsquo;\u00e9conomie bleue convenues par les 43 pays membres de l\u2019UpM, ainsi que la feuille de route connexe pour la mise en \u0153uvre de la D\u00e9claration Minist\u00e9rielle de l\u2019UpM sur l\u2019EBD de 2021 :&nbsp;<\/p>\n\n\n\n<ul>\n<li><a href=\"https:\/\/ufmsecretariat.org\/wp-content\/uploads\/2015\/11\/2015-11-17-declaration-on-blue-economy_en.pdf\" target=\"_blank\" rel=\"noreferrer noopener\"><strong><em>D\u00e9claration Minist\u00e9rielle de l&rsquo;UpM sur l&rsquo;Economie Bleue (17 novembre 2015)<\/em><\/strong><\/a><strong><em> [EN]<\/em><\/strong><\/li>\n\n\n\n<li><em><a rel=\"noreferrer noopener\" href=\"https:\/\/medblueconomyplatform.org\/wp-content\/uploads\/2023\/05\/french-version-ufm-advanced-roadmap-sbe-mar-23.pdf\" target=\"_blank\"><strong>2<sup>\u00e8me<\/sup> D\u00e9claration Minist\u00e9rielle sur l&rsquo;Economie Bleue Durable (02 f\u00e9vrier 2021)<\/strong><\/a><\/em><\/li>\n\n\n\n<li><em><a href=\"https:\/\/medblueconomyplatform.org\/wp-content\/uploads\/2025\/10\/file-library-ff4005cb911fe6bd9771.pdf\" data-type=\"link\" data-id=\"https:\/\/medblueconomyplatform.org\/wp-content\/uploads\/2025\/10\/file-library-ff4005cb911fe6bd9771.pdf\"><strong>Feuille de route pour la mise en \u0153uvre de la D\u00e9claration Minist\u00e9rielle de 2021 (septembre 2025)<\/strong><\/a><\/em><\/li>\n<\/ul>\n\n\n\n<p><strong><em><a href=\"https:\/\/medblueconomyplatform.org\/vkc\/news\/roadmap-for-the-implementation-of-the-2021-ufm-ministerial-declaration-on-sustainable-blue-economy-a-landmark-document-for-sbe-in-the-mediterranean-1b4a4d8beb\/\"><\/a><\/em><\/strong><\/p>\n\n\n\n<p>Sous la co-pr\u00e9sidence de la Jordanie et de l\u2019Union Europ\u00e9enne et avec le soutien du Secr\u00e9tariat de l\u2019UpM, la Plateforme R\u00e9gionale rassemble des repr\u00e9sentants nationaux d\u00e9sign\u00e9s par les pays membres de l&rsquo;UpM (<em>points focaux de l&rsquo;UpM sur l&rsquo;Economie Bleue Durable<\/em>) et des observateurs permanents afin de :<\/p>\n\n\n\n<ul>\n<li>D\u00e9finir et mettre en \u0153uvre le programme et le portefeuille de l\u2019Economie Bleue Durable au niveau r\u00e9gional, conform\u00e9ment aux recommandations\/priorit\u00e9s minist\u00e9rielles&nbsp;;<\/li>\n\n\n\n<li>Cr\u00e9er des synergies entre les initiatives\/projets\/programmes conjoints existants et \u00e9mergents, et promouvoir la convergence et la coordination des efforts (techniques et financiers) au niveau r\u00e9gional&nbsp;;<\/li>\n\n\n\n<li>\u00c9changer des informations, des points de vue, des meilleures pratiques et des savoir-faire entre les pays, les experts et les parties prenantes.<\/li>\n<\/ul>\n\n\n\n<p><a href=\"https:\/\/ufmsecretariat.org\/ufm-working-group-blue-economy\/#:~:text=The%20UfM%20Working%20Group%20on%20Blue%20Economyis%20a,year%2C%20possibly%20back%20to%20back%20with%20other%20events\">Source<\/a><\/p>\n\n\n\n<p><strong>Des informations d\u00e9taill\u00e9es sur les r\u00e9unions de la Plateforme R\u00e9gionale sur l\u2019Economie Bleue Durable (<em>anciennement Groupe de Travail de l\u2019UpM sur l\u2019Economie Bleue)<\/em>&nbsp;sont disponibles&nbsp;<\/strong><a href=\"https:\/\/medblueconomyplatform.org\/catalogue-of-ufm-working-groups-on-blue-economy-gallery\/\"><strong>ici&nbsp;<\/strong><\/a><strong>et ci-dessous :<\/strong><\/p>\n\n\n\n<p><a id=\"_msocom_1\"><\/a><\/p>\n\n\n\n<figure class=\"wp-block-gallery has-nested-images columns-default is-cropped wp-block-gallery-1 is-layout-flex wp-block-gallery-is-layout-flex\">\n<figure class=\"wp-block-image size-large\"><a href=\"https:\/\/medblueconomyplatform.org\/vkc\/news\/18th-ufm-regional-platform-on-sustainable-blue-economy-15-16-october-2025-brussels-0d554b30a4\/\" target=\"_blank\" rel=\"noreferrer noopener\"><img decoding=\"async\" loading=\"lazy\" width=\"1024\" height=\"732\" data-id=\"3230\" src=\"https:\/\/medblueconomyplatform.org\/wp-content\/uploads\/2025\/10\/thumbnail_image003-1-1024x732.jpeg\" alt=\"\" class=\"wp-image-3230\" srcset=\"https:\/\/medblueconomyplatform.org\/wp-content\/uploads\/2025\/10\/thumbnail_image003-1-1024x732.jpeg 1024w, https:\/\/medblueconomyplatform.org\/wp-content\/uploads\/2025\/10\/thumbnail_image003-1-300x214.jpeg 300w, https:\/\/medblueconomyplatform.org\/wp-content\/uploads\/2025\/10\/thumbnail_image003-1-768x549.jpeg 768w, https:\/\/medblueconomyplatform.org\/wp-content\/uploads\/2025\/10\/thumbnail_image003-1-1536x1098.jpeg 1536w, https:\/\/medblueconomyplatform.org\/wp-content\/uploads\/2025\/10\/thumbnail_image003-1.jpeg 1920w\" sizes=\"(max-width: 767px) 89vw, (max-width: 1000px) 54vw, (max-width: 1071px) 543px, 580px\" \/><\/a><figcaption class=\"wp-element-caption\"><a href=\"https:\/\/medblueconomyplatform.org\/vkc\/news\/18th-ufm-regional-platform-on-sustainable-blue-economy-15-16-october-2025-brussels-0d554b30a4\/\">18<sup>\u00e8me<\/sup> groupe de travail &#8211; 15-16 octobre 202<\/a>5<\/figcaption><\/figure>\n\n\n\n<figure class=\"wp-block-image size-large\"><a href=\"https:\/\/medblueconomyplatform.org\/vkc\/news\/17th-meeting-of-the-ufm-regional-platform-on-sustainable-blue-economy-february-19-2025-barcelona-spain-19921222c3\/\" target=\"_blank\" rel=\"noreferrer noopener\"><img decoding=\"async\" loading=\"lazy\" width=\"1024\" height=\"681\" data-id=\"2986\" src=\"https:\/\/medblueconomyplatform.org\/wp-content\/uploads\/2025\/02\/UfM-17th-Regional-Platform-SBE-2-1024x681.jpg\" alt=\"\" class=\"wp-image-2986\" srcset=\"https:\/\/medblueconomyplatform.org\/wp-content\/uploads\/2025\/02\/UfM-17th-Regional-Platform-SBE-2-1024x681.jpg 1024w, https:\/\/medblueconomyplatform.org\/wp-content\/uploads\/2025\/02\/UfM-17th-Regional-Platform-SBE-2-300x200.jpg 300w, https:\/\/medblueconomyplatform.org\/wp-content\/uploads\/2025\/02\/UfM-17th-Regional-Platform-SBE-2-768x511.jpg 768w, https:\/\/medblueconomyplatform.org\/wp-content\/uploads\/2025\/02\/UfM-17th-Regional-Platform-SBE-2-1536x1022.jpg 1536w, https:\/\/medblueconomyplatform.org\/wp-content\/uploads\/2025\/02\/UfM-17th-Regional-Platform-SBE-2.jpg 2048w\" sizes=\"(max-width: 767px) 89vw, (max-width: 1000px) 54vw, (max-width: 1071px) 543px, 580px\" \/><\/a><figcaption class=\"wp-element-caption\"><a href=\"https:\/\/medblueconomyplatform.org\/17th-ufm-regional-platform-on-sbe\/\">17<sup>\u00e8me<\/sup> groupe de travail &#8211; 19 f\u00e9vrier 202<\/a><em>4<\/em><\/figcaption><\/figure>\n\n\n\n<figure class=\"wp-block-image size-large\"><a href=\"https:\/\/medblueconomyplatform.org\/vkc\/news\/16th-meeting-of-the-ufm-regional-platform-on-sustainable-blue-economy-october-2-2024-faro-portugal-2d4242c55f\/\" target=\"_blank\" rel=\"noreferrer noopener\"><img decoding=\"async\" src=\"https:\/\/medblueconomyplatform.org\/wp-content\/uploads\/2024\/10\/imagecover-for-news_4927a6f31b63c36b99ad.jpg\" alt=\"\"\/><\/a><figcaption class=\"wp-element-caption\"><a href=\"https:\/\/medblueconomyplatform.org\/vkc\/news\/16th-meeting-of-the-ufm-regional-platform-on-sustainable-blue-economy-october-2-2024-faro-portugal-2d4242c55f\/\">16<sup>\u00e8me<\/sup> groupe de travail &#8211; 2 octobre 202<\/a>4<\/figcaption><\/figure>\n\n\n\n<figure class=\"wp-block-image size-large\"><a href=\"https:\/\/medblueconomyplatform.org\/vkc\/news\/15th-regional-platform-on-sbe-ca6f94b2a2\/\" target=\"_blank\" rel=\"noreferrer noopener\"><img decoding=\"async\" src=\"https:\/\/medblueconomyplatform.org\/wp-content\/uploads\/2024\/07\/imagecover-for-news_298a1a683a0a39abb653.jpg\" alt=\"\"\/><\/a><figcaption class=\"wp-element-caption\"><a href=\"https:\/\/medblueconomyplatform.org\/vkc\/news\/15th-regional-platform-on-sbe-ca6f94b2a2\/\">15<sup>\u00e8me<\/sup> groupe de travail &#8211; 27 juin 2023<\/a><\/figcaption><\/figure>\n\n\n\n<figure class=\"wp-block-image size-large\"><a href=\"https:\/\/medblueconomyplatform.org\/vkc\/news\/14th-meeting-of-the-ufm-working-group-on-sustainable-blue-economy-5e1a4d9c94\/\" target=\"_blank\" rel=\"noreferrer noopener\"><img decoding=\"async\" loading=\"lazy\" width=\"635\" height=\"432\" data-id=\"2587\" src=\"https:\/\/medblueconomyplatform.org\/wp-content\/uploads\/2024\/03\/14th-WG-1.jpg\" alt=\"\" class=\"wp-image-2587\" srcset=\"https:\/\/medblueconomyplatform.org\/wp-content\/uploads\/2024\/03\/14th-WG-1.jpg 635w, https:\/\/medblueconomyplatform.org\/wp-content\/uploads\/2024\/03\/14th-WG-1-300x204.jpg 300w\" sizes=\"(max-width: 635px) 100vw, 635px\" \/><\/a><figcaption class=\"wp-element-caption\"><a href=\"https:\/\/medblueconomyplatform.org\/vkc\/news\/14th-meeting-of-the-ufm-working-group-on-sustainable-blue-economy-5e1a4d9c94\/\">14<sup>\u00e8me<\/sup> groupe de travail &#8211; 11 octobre 2023<\/a><\/figcaption><\/figure>\n\n\n\n<figure class=\"wp-block-image size-large\"><a href=\"https:\/\/medblueconomyplatform.org\/vkc\/news\/13th-ufm-working-group-on-blue-economy-and-back-to-back-meeting-on-the-blue-economy-mediterranean-partnership-2594412227\/\" target=\"_blank\" rel=\"noreferrer noopener\"><img decoding=\"async\" loading=\"lazy\" width=\"788\" height=\"524\" data-id=\"2586\" src=\"https:\/\/medblueconomyplatform.org\/wp-content\/uploads\/2024\/03\/13thWG-1.png\" alt=\"\" class=\"wp-image-2586\" srcset=\"https:\/\/medblueconomyplatform.org\/wp-content\/uploads\/2024\/03\/13thWG-1.png 788w, https:\/\/medblueconomyplatform.org\/wp-content\/uploads\/2024\/03\/13thWG-1-300x199.png 300w, https:\/\/medblueconomyplatform.org\/wp-content\/uploads\/2024\/03\/13thWG-1-768x511.png 768w\" sizes=\"(max-width: 767px) 89vw, (max-width: 1000px) 54vw, (max-width: 1071px) 543px, 580px\" \/><\/a><figcaption class=\"wp-element-caption\"><a href=\"https:\/\/medblueconomyplatform.org\/vkc\/news\/13th-ufm-working-group-on-blue-economy-and-back-to-back-meeting-on-the-blue-economy-mediterranean-partnership-2594412227\/\">13<sup>\u00e8me<\/sup> groupe de travail &#8211; 14 mars 2023<\/a><\/figcaption><\/figure>\n\n\n\n<figure class=\"wp-block-image size-large\"><a href=\"https:\/\/medblueconomyplatform.org\/vkc\/news\/12th-ufm-working-group-on-blue-economy-and-back-to-back-capacity-building-506e4bda8b\/\" target=\"_blank\" rel=\"noreferrer noopener\"><img decoding=\"async\" loading=\"lazy\" width=\"729\" height=\"451\" data-id=\"2585\" src=\"https:\/\/medblueconomyplatform.org\/wp-content\/uploads\/2024\/03\/12th-WG-1.jpg\" alt=\"\" class=\"wp-image-2585\" srcset=\"https:\/\/medblueconomyplatform.org\/wp-content\/uploads\/2024\/03\/12th-WG-1.jpg 729w, https:\/\/medblueconomyplatform.org\/wp-content\/uploads\/2024\/03\/12th-WG-1-300x186.jpg 300w\" sizes=\"(max-width: 729px) 100vw, 729px\" \/><\/a><figcaption class=\"wp-element-caption\"><a href=\"https:\/\/medblueconomyplatform.org\/vkc\/news\/12th-ufm-working-group-on-blue-economy-and-back-to-back-capacity-building-506e4bda8b\/\">12<sup>\u00e8me<\/sup> groupe de travail &#8211; 24-25 octobre 2022<\/a><\/figcaption><\/figure>\n\n\n\n<figure class=\"wp-block-image size-large\"><a href=\"https:\/\/medblueconomyplatform.org\/vkc\/news\/11th-meeting-of-the-ufm-working-group-on-blue-economy-3e240d4944\/\" target=\"_blank\" rel=\"noreferrer noopener\"><img decoding=\"async\" loading=\"lazy\" width=\"1024\" height=\"718\" data-id=\"2584\" src=\"https:\/\/medblueconomyplatform.org\/wp-content\/uploads\/2024\/03\/11th-WG-1024x718-2.jpg\" alt=\"\" class=\"wp-image-2584\" srcset=\"https:\/\/medblueconomyplatform.org\/wp-content\/uploads\/2024\/03\/11th-WG-1024x718-2.jpg 1024w, https:\/\/medblueconomyplatform.org\/wp-content\/uploads\/2024\/03\/11th-WG-1024x718-2-300x210.jpg 300w, https:\/\/medblueconomyplatform.org\/wp-content\/uploads\/2024\/03\/11th-WG-1024x718-2-768x539.jpg 768w\" sizes=\"(max-width: 767px) 89vw, (max-width: 1000px) 54vw, (max-width: 1071px) 543px, 580px\" \/><\/a><figcaption class=\"wp-element-caption\"><a href=\"https:\/\/medblueconomyplatform.org\/vkc\/news\/11th-meeting-of-the-ufm-working-group-on-blue-economy-3e240d4944\/\">11<sup>\u00e8me<\/sup> groupe de travail &#8211; 21 juin 2022<\/a><\/figcaption><\/figure>\n\n\n\n<figure class=\"wp-block-image size-large\"><a href=\"https:\/\/medblueconomyplatform.org\/vkc\/news\/10th-meeting-of-the-ufm-working-group-on-blue-economy-23-march-2022-0b12f5e285\/\" target=\"_blank\" rel=\"noreferrer noopener\"><img decoding=\"async\" loading=\"lazy\" width=\"1024\" height=\"682\" data-id=\"2583\" src=\"https:\/\/medblueconomyplatform.org\/wp-content\/uploads\/2024\/03\/10th-WG-1024x682-2.jpg\" alt=\"\" class=\"wp-image-2583\" srcset=\"https:\/\/medblueconomyplatform.org\/wp-content\/uploads\/2024\/03\/10th-WG-1024x682-2.jpg 1024w, https:\/\/medblueconomyplatform.org\/wp-content\/uploads\/2024\/03\/10th-WG-1024x682-2-300x200.jpg 300w, https:\/\/medblueconomyplatform.org\/wp-content\/uploads\/2024\/03\/10th-WG-1024x682-2-768x512.jpg 768w\" sizes=\"(max-width: 767px) 89vw, (max-width: 1000px) 54vw, (max-width: 1071px) 543px, 580px\" \/><\/a><figcaption class=\"wp-element-caption\"><a href=\"https:\/\/medblueconomyplatform.org\/vkc\/news\/10th-meeting-of-the-ufm-working-group-on-blue-economy-23-march-2022-0b12f5e285\/\">10<sup>\u00e8me<\/sup> groupe de travail &#8211; 23 mars 2022<\/a><\/figcaption><\/figure>\n\n\n\n<figure class=\"wp-block-image size-large\"><a href=\"https:\/\/medblueconomyplatform.org\/vkc\/event\/9th-meeting-of-the-ufm-working-group-on-blue-economy-78eb05ed45\/\" target=\"_blank\" rel=\"noreferrer noopener\"><img decoding=\"async\" loading=\"lazy\" width=\"1024\" height=\"683\" data-id=\"2588\" src=\"https:\/\/medblueconomyplatform.org\/wp-content\/uploads\/2024\/03\/9thWG-2-1024x683.jpg\" alt=\"\" class=\"wp-image-2588\" srcset=\"https:\/\/medblueconomyplatform.org\/wp-content\/uploads\/2024\/03\/9thWG-2-1024x683.jpg 1024w, https:\/\/medblueconomyplatform.org\/wp-content\/uploads\/2024\/03\/9thWG-2-300x200.jpg 300w, https:\/\/medblueconomyplatform.org\/wp-content\/uploads\/2024\/03\/9thWG-2-768x512.jpg 768w, https:\/\/medblueconomyplatform.org\/wp-content\/uploads\/2024\/03\/9thWG-2-1536x1024.jpg 1536w, https:\/\/medblueconomyplatform.org\/wp-content\/uploads\/2024\/03\/9thWG-2-2048x1365.jpg 2048w\" sizes=\"(max-width: 767px) 89vw, (max-width: 1000px) 54vw, (max-width: 1071px) 543px, 580px\" \/><\/a><figcaption class=\"wp-element-caption\"><a href=\"https:\/\/medblueconomyplatform.org\/vkc\/event\/9th-meeting-of-the-ufm-working-group-on-blue-economy-78eb05ed45\/\">9<sup>\u00e8me<\/sup> groupe de travail &#8211; 18 novembre 2021<\/a><\/figcaption><\/figure>\n\n\n\n<figure class=\"wp-block-image size-large\"><a href=\"https:\/\/medblueconomyplatform.org\/vkc\/news\/8th-ufm-blue-economy-working-group-and-digitalization-skills-webinar-9th-and-10th-june-2021-91a8099e23\/\" target=\"_blank\" rel=\"noreferrer noopener\"><img decoding=\"async\" loading=\"lazy\" width=\"1024\" height=\"385\" data-id=\"2581\" src=\"https:\/\/medblueconomyplatform.org\/wp-content\/uploads\/2024\/03\/8th-WG-1024x385-2.jpg\" alt=\"\" class=\"wp-image-2581\" srcset=\"https:\/\/medblueconomyplatform.org\/wp-content\/uploads\/2024\/03\/8th-WG-1024x385-2.jpg 1024w, https:\/\/medblueconomyplatform.org\/wp-content\/uploads\/2024\/03\/8th-WG-1024x385-2-300x113.jpg 300w, https:\/\/medblueconomyplatform.org\/wp-content\/uploads\/2024\/03\/8th-WG-1024x385-2-768x289.jpg 768w\" sizes=\"(max-width: 767px) 89vw, (max-width: 1000px) 54vw, (max-width: 1071px) 543px, 580px\" \/><\/a><figcaption class=\"wp-element-caption\"><a href=\"https:\/\/medblueconomyplatform.org\/vkc\/news\/8th-ufm-blue-economy-working-group-and-digitalization-skills-webinar-9th-and-10th-june-2021-91a8099e23\/\">8<sup>\u00e8me<\/sup> groupe de travail &#8211; 10 juin 2021<\/a><\/figcaption><\/figure>\n\n\n\n<figure class=\"wp-block-image size-large\"><a href=\"https:\/\/medblueconomyplatform.org\/vkc\/event\/7th-meeting-of-the-working-group-on-blue-economy-325220e821\/\" target=\"_blank\" rel=\"noreferrer noopener\"><img decoding=\"async\" loading=\"lazy\" width=\"1024\" height=\"680\" data-id=\"2580\" src=\"https:\/\/medblueconomyplatform.org\/wp-content\/uploads\/2024\/03\/7thwG-1-1024x680.jpg\" alt=\"\" class=\"wp-image-2580\" srcset=\"https:\/\/medblueconomyplatform.org\/wp-content\/uploads\/2024\/03\/7thwG-1-1024x680.jpg 1024w, https:\/\/medblueconomyplatform.org\/wp-content\/uploads\/2024\/03\/7thwG-1-300x199.jpg 300w, https:\/\/medblueconomyplatform.org\/wp-content\/uploads\/2024\/03\/7thwG-1-768x510.jpg 768w, https:\/\/medblueconomyplatform.org\/wp-content\/uploads\/2024\/03\/7thwG-1-1536x1020.jpg 1536w, https:\/\/medblueconomyplatform.org\/wp-content\/uploads\/2024\/03\/7thwG-1-2048x1360.jpg 2048w\" sizes=\"(max-width: 767px) 89vw, (max-width: 1000px) 54vw, (max-width: 1071px) 543px, 580px\" \/><\/a><figcaption class=\"wp-element-caption\"><a href=\"https:\/\/medblueconomyplatform.org\/vkc\/event\/7th-meeting-of-the-working-group-on-blue-economy-325220e821\/\">7<sup>\u00e8me<\/sup> groupe de travail &#8211; 15 septembre 2020<\/a><\/figcaption><\/figure>\n\n\n\n<figure class=\"wp-block-image size-large\"><a href=\"https:\/\/medblueconomyplatform.org\/vkc\/news\/6th-meeting-of-the-ufm-working-group-on-blue-economy-20th-november-2019-brussels-and-back-to-back-regional-seminar-on-blue-skills-careers-and-jobs-on-19th-november-2019-d6a018388c\/\" target=\"_blank\" rel=\"noreferrer noopener\"><img decoding=\"async\" loading=\"lazy\" width=\"1024\" height=\"678\" data-id=\"2579\" src=\"https:\/\/medblueconomyplatform.org\/wp-content\/uploads\/2024\/03\/6thWG-1-1024x678.jpg\" alt=\"\" class=\"wp-image-2579\" srcset=\"https:\/\/medblueconomyplatform.org\/wp-content\/uploads\/2024\/03\/6thWG-1-1024x678.jpg 1024w, https:\/\/medblueconomyplatform.org\/wp-content\/uploads\/2024\/03\/6thWG-1-300x199.jpg 300w, https:\/\/medblueconomyplatform.org\/wp-content\/uploads\/2024\/03\/6thWG-1-768x509.jpg 768w, https:\/\/medblueconomyplatform.org\/wp-content\/uploads\/2024\/03\/6thWG-1-1536x1017.jpg 1536w, https:\/\/medblueconomyplatform.org\/wp-content\/uploads\/2024\/03\/6thWG-1-2048x1357.jpg 2048w\" sizes=\"(max-width: 767px) 89vw, (max-width: 1000px) 54vw, (max-width: 1071px) 543px, 580px\" \/><\/a><figcaption class=\"wp-element-caption\"><a href=\"https:\/\/medblueconomyplatform.org\/vkc\/news\/6th-meeting-of-the-ufm-working-group-on-blue-economy-20th-november-2019-brussels-and-back-to-back-regional-seminar-on-blue-skills-careers-and-jobs-on-19th-november-2019-d6a018388c\/\">6<sup>\u00e8me<\/sup> groupe de travail &#8211; 20 novembre 2019<\/a><\/figcaption><\/figure>\n\n\n\n<figure class=\"wp-block-image size-large\"><a href=\"https:\/\/medblueconomyplatform.org\/vkc\/news\/agenda-of-the-5th-meeting-of-the-ufm-working-group-on-the-blue-economy-6454a819f8\/\" target=\"_blank\" rel=\"noreferrer noopener\"><img decoding=\"async\" loading=\"lazy\" width=\"1024\" height=\"767\" data-id=\"2577\" src=\"https:\/\/medblueconomyplatform.org\/wp-content\/uploads\/2024\/03\/5thWG-1-1024x767.jpg\" alt=\"\" class=\"wp-image-2577\" srcset=\"https:\/\/medblueconomyplatform.org\/wp-content\/uploads\/2024\/03\/5thWG-1-1024x767.jpg 1024w, https:\/\/medblueconomyplatform.org\/wp-content\/uploads\/2024\/03\/5thWG-1-300x225.jpg 300w, https:\/\/medblueconomyplatform.org\/wp-content\/uploads\/2024\/03\/5thWG-1-768x576.jpg 768w, https:\/\/medblueconomyplatform.org\/wp-content\/uploads\/2024\/03\/5thWG-1-1536x1151.jpg 1536w, https:\/\/medblueconomyplatform.org\/wp-content\/uploads\/2024\/03\/5thWG-1-2048x1535.jpg 2048w\" sizes=\"(max-width: 767px) 89vw, (max-width: 1000px) 54vw, (max-width: 1071px) 543px, 580px\" \/><\/a><figcaption class=\"wp-element-caption\"><a href=\"https:\/\/medblueconomyplatform.org\/vkc\/news\/agenda-of-the-5th-meeting-of-the-ufm-working-group-on-the-blue-economy-6454a819f8\/\">5<sup>\u00e8me<\/sup> groupe de travail &#8211; 25 mars 2019<\/a><\/figcaption><\/figure>\n\n\n\n<figure class=\"wp-block-image size-large\"><a href=\"https:\/\/medblueconomyplatform.org\/vkc\/event\/4th-meeting-of-the-ufm-working-group-on-the-blue-economy-87dc6658eb\/\" target=\"_blank\" rel=\"noreferrer noopener\"><img decoding=\"async\" loading=\"lazy\" width=\"1024\" height=\"767\" data-id=\"2578\" src=\"https:\/\/medblueconomyplatform.org\/wp-content\/uploads\/2024\/03\/4thWG-1-1024x767.jpg\" alt=\"\" class=\"wp-image-2578\" srcset=\"https:\/\/medblueconomyplatform.org\/wp-content\/uploads\/2024\/03\/4thWG-1-1024x767.jpg 1024w, https:\/\/medblueconomyplatform.org\/wp-content\/uploads\/2024\/03\/4thWG-1-300x225.jpg 300w, https:\/\/medblueconomyplatform.org\/wp-content\/uploads\/2024\/03\/4thWG-1-768x575.jpg 768w, https:\/\/medblueconomyplatform.org\/wp-content\/uploads\/2024\/03\/4thWG-1-1536x1150.jpg 1536w, https:\/\/medblueconomyplatform.org\/wp-content\/uploads\/2024\/03\/4thWG-1-2048x1534.jpg 2048w\" sizes=\"(max-width: 767px) 89vw, (max-width: 1000px) 54vw, (max-width: 1071px) 543px, 580px\" \/><\/a><figcaption class=\"wp-element-caption\"><a href=\"https:\/\/medblueconomyplatform.org\/vkc\/event\/4th-meeting-of-the-ufm-working-group-on-the-blue-economy-87dc6658eb\/\">4<sup>\u00e8me<\/sup> groupe de travail &#8211; 26 avril 2018<\/a><\/figcaption><\/figure>\n\n\n\n<figure class=\"wp-block-image size-large\"><a href=\"https:\/\/ufmsecretariat.org\/third-meeting-ufm-working-group-blue-economy\/\" target=\"_blank\" rel=\"noreferrer noopener\"><img decoding=\"async\" loading=\"lazy\" width=\"1024\" height=\"576\" data-id=\"2576\" src=\"https:\/\/medblueconomyplatform.org\/wp-content\/uploads\/2024\/03\/3rdWG-1-1024x576.jpeg\" alt=\"\" class=\"wp-image-2576\" srcset=\"https:\/\/medblueconomyplatform.org\/wp-content\/uploads\/2024\/03\/3rdWG-1-1024x576.jpeg 1024w, https:\/\/medblueconomyplatform.org\/wp-content\/uploads\/2024\/03\/3rdWG-1-300x169.jpeg 300w, https:\/\/medblueconomyplatform.org\/wp-content\/uploads\/2024\/03\/3rdWG-1-768x432.jpeg 768w, https:\/\/medblueconomyplatform.org\/wp-content\/uploads\/2024\/03\/3rdWG-1-1536x864.jpeg 1536w, https:\/\/medblueconomyplatform.org\/wp-content\/uploads\/2024\/03\/3rdWG-1-2048x1152.jpeg 2048w\" sizes=\"(max-width: 767px) 89vw, (max-width: 1000px) 54vw, (max-width: 1071px) 543px, 580px\" \/><\/a><figcaption class=\"wp-element-caption\"><a href=\"https:\/\/ufmsecretariat.org\/third-meeting-ufm-working-group-blue-economy\/\">3<sup>\u00e8me<\/sup> groupe de travail &#8211; 5 juillet 2017<\/a><\/figcaption><\/figure>\n\n\n\n<figure class=\"wp-block-image size-large\"><a href=\"https:\/\/medblueconomyplatform.org\/vkc\/event\/2nd-meeting-of-the-ufm-working-group-on-blue-economy-cabdf589da\/\" target=\"_blank\" rel=\"noreferrer noopener\"><img decoding=\"async\" loading=\"lazy\" width=\"1024\" height=\"931\" data-id=\"2575\" src=\"https:\/\/medblueconomyplatform.org\/wp-content\/uploads\/2024\/03\/2ndWG-1-1024x931.jpg\" alt=\"\" class=\"wp-image-2575\" srcset=\"https:\/\/medblueconomyplatform.org\/wp-content\/uploads\/2024\/03\/2ndWG-1-1024x931.jpg 1024w, https:\/\/medblueconomyplatform.org\/wp-content\/uploads\/2024\/03\/2ndWG-1-300x273.jpg 300w, https:\/\/medblueconomyplatform.org\/wp-content\/uploads\/2024\/03\/2ndWG-1-768x699.jpg 768w, https:\/\/medblueconomyplatform.org\/wp-content\/uploads\/2024\/03\/2ndWG-1-1536x1397.jpg 1536w, https:\/\/medblueconomyplatform.org\/wp-content\/uploads\/2024\/03\/2ndWG-1-2048x1863.jpg 2048w\" sizes=\"(max-width: 767px) 89vw, (max-width: 1000px) 54vw, (max-width: 1071px) 543px, 580px\" \/><\/a><figcaption class=\"wp-element-caption\"><a href=\"https:\/\/medblueconomyplatform.org\/vkc\/event\/2nd-meeting-of-the-ufm-working-group-on-blue-economy-cabdf589da\/\">2<sup>\u00e8me<\/sup> groupe de travail &#8211; 8 novembre 2016<\/a><\/figcaption><\/figure>\n\n\n\n<figure class=\"wp-block-image size-large\"><a href=\"https:\/\/medblueconomyplatform.org\/vkc\/event\/1st-meeting-of-the-working-group-on-blue-economy-ccada23d9c\/\" target=\"_blank\" rel=\"noreferrer noopener\"><img decoding=\"async\" loading=\"lazy\" width=\"1024\" height=\"643\" data-id=\"2574\" src=\"https:\/\/medblueconomyplatform.org\/wp-content\/uploads\/2024\/03\/1st-WG-1024x643-2.jpg\" alt=\"\" class=\"wp-image-2574\" srcset=\"https:\/\/medblueconomyplatform.org\/wp-content\/uploads\/2024\/03\/1st-WG-1024x643-2.jpg 1024w, https:\/\/medblueconomyplatform.org\/wp-content\/uploads\/2024\/03\/1st-WG-1024x643-2-300x188.jpg 300w, https:\/\/medblueconomyplatform.org\/wp-content\/uploads\/2024\/03\/1st-WG-1024x643-2-768x482.jpg 768w\" sizes=\"(max-width: 767px) 89vw, (max-width: 1000px) 54vw, (max-width: 1071px) 543px, 580px\" \/><\/a><figcaption class=\"wp-element-caption\"><a href=\"https:\/\/medblueconomyplatform.org\/vkc\/event\/1st-meeting-of-the-working-group-on-blue-economy-ccada23d9c\/\">1<sup>er<\/sup> groupe de travail &#8211; 17 mai 2016<\/a><\/figcaption><\/figure>\n<\/figure>\n","protected":false},"excerpt":{"rendered":"<p>La&nbsp;Plateforme R\u00e9gionale de l&rsquo;Union pour la M\u00e9diterran\u00e9e sur l&rsquo;Economie Bleue Durable (EBD)&nbsp;(anciennement Groupe de travail de l&rsquo;UpM sur l&rsquo;Economie Bleue) se r\u00e9unit de mani\u00e8re r\u00e9guli\u00e8re afin d&rsquo;orienter et de soutenir la mise en \u0153uvre des d\u00e9clarations minist\u00e9rielles de l&rsquo;UpM sur l&rsquo;\u00e9conomie bleue convenues par les 43 pays membres de l\u2019UpM, ainsi que la feuille de &hellip; <\/p>\n<p class=\"link-more\"><a href=\"https:\/\/medblueconomyplatform.org\/fr\/union-for-the-mediterranean-regional-platform-on-sustainable-blue-economy-sbe\/\" class=\"more-link\">Continuer la lecture<span class=\"screen-reader-text\"> de &laquo;&nbsp;Plateforme R\u00e9gionale de l&rsquo;Union pour la M\u00e9diterran\u00e9e sur l&rsquo;Economie Bleue Durable (EBD)&nbsp;&raquo;<\/span><\/a><\/p>\n","protected":false},"author":2,"featured_media":0,"parent":0,"menu_order":0,"comment_status":"closed","ping_status":"closed","template":"","meta":{"footnotes":""},"_links":{"self":[{"href":"https:\/\/medblueconomyplatform.org\/fr\/wp-json\/wp\/v2\/pages\/2695"}],"collection":[{"href":"https:\/\/medblueconomyplatform.org\/fr\/wp-json\/wp\/v2\/pages"}],"about":[{"href":"https:\/\/medblueconomyplatform.org\/fr\/wp-json\/wp\/v2\/types\/page"}],"author":[{"embeddable":true,"href":"https:\/\/medblueconomyplatform.org\/fr\/wp-json\/wp\/v2\/users\/2"}],"replies":[{"embeddable":true,"href":"https:\/\/medblueconomyplatform.org\/fr\/wp-json\/wp\/v2\/comments?post=2695"}],"version-history":[{"count":17,"href":"https:\/\/medblueconomyplatform.org\/fr\/wp-json\/wp\/v2\/pages\/2695\/revisions"}],"predecessor-version":[{"id":3241,"href":"https:\/\/medblueconomyplatform.org\/fr\/wp-json\/wp\/v2\/pages\/2695\/revisions\/3241"}],"wp:attachment":[{"href":"https:\/\/medblueconomyplatform.org\/fr\/wp-json\/wp\/v2\/media?parent=2695"}],"curies":[{"name":"wp","href":"https:\/\/api.w.org\/{rel}","templated":true}]}}